{"id":24,"date":"2015-06-18T08:47:18","date_gmt":"2015-06-18T08:47:18","guid":{"rendered":"http:\/\/xxcnim.edu-desarrollo.umh.es\/?page_id=24"},"modified":"2016-10-05T10:23:02","modified_gmt":"2016-10-05T10:23:02","slug":"comite","status":"publish","type":"page","link":"https:\/\/xxicnim.umh.es\/en\/congreso\/comite\/","title":{"rendered":"Committee"},"content":{"rendered":"<p><\/p>\n<h2>Honor Committee<\/h2>\n<ul>\n<li>Mr. Jes\u00fas Tadeo Pastor Ciurana , Rector of the Universidad Miguel Hern\u00e1ndez de Elche.<\/li>\n<li>Manuel Miguel Jordan Vidal , Vicerector for Research and Innovation at the Universidad Miguel Hern\u00e1ndez de Elche .<\/li>\n<li>Jos\u00e9 Luis San Rom\u00e1n Garc\u00eda, President of the Spanish Association of Mechanical Engineering.<\/li>\n<li>Miguel Angel de la Casa Lillo, Director of the Polytechnic School of the Miguel Hern\u00e1ndez University of Elche.<\/li>\n<\/ul>\n<h2>Organizing committee<\/h2>\n<ul>\n<li>Emilio Velasco S\u00e1nchez, Presiden<\/li>\n<li>Miguel S\u00e1nchez Lozano. Vice-president<\/li>\n<li>Ram\u00f3n Peral Orts, Secretary<\/li>\n<li>AME Group (Applied Mechanical Engineering):\n<ul>\n<li>Hector Campello Vicente<\/li>\n<li>Nuria Campillo Dav\u00f3<\/li>\n<li>David Clar Garc\u00eda<\/li>\n<li>Abel R. Navarro Arcas<\/li>\n<li>Miguel Angel Oliva i Meyer<\/li>\n<li>Carolina Senabre Blanes<\/li>\n<li>\u00d3scar Cuadrado Sempere<\/li>\n<li>Sixto M. Marco Lozano<\/li>\n<\/ul>\n<\/li>\n<\/ul>\n<ul>\n<li>Governing Council of the Spanish Association of Mechanical Engineering, AEIM\n<ul>\n<li>Jos\u00e9 Luis San Rom\u00e1n Garc\u00eda (President), Universidad Carlos III de Madrid.<\/li>\n<li>Juana Mayo N\u00fa\u00f1ez (Vice-president), Universidad de Sevilla<\/li>\n<li>Alfonso Fern\u00e1ndez del Rinc\u00f3n (Secretary), Universidad de Cantabria<\/li>\n<li>Carolina \u00c1lvarez de Caldas, Universidad Carlos III de Madrid<\/li>\n<li>Salvador Cardona Foix, Universidad Polit\u00e9cnica de Catalu\u00f1a<\/li>\n<li>Juan Ignacio Cuadrado Iglesias, Universidad Polit\u00e9cnica de Valencia<\/li>\n<li>Alfonso Hern\u00e1ndez Fr\u00edas, Universidad del Pa\u00eds Vasco<\/li>\n<li>Jos\u00e9 Luis Mu\u00f1oz Sanz, Universidad Polit\u00e9cnica de Madrid<\/li>\n<li>Mar\u00eda Prado Novoa, Universidad de M\u00e1laga<\/li>\n<li>Emilio Velasco S\u00e1nchez, Universidad Miguel Hern\u00e1ndez de Elche<\/li>\n<\/ul>\n<\/li>\n<\/ul>\n<h2><\/h2>\n<h2>Scientific committee<\/h2>\n<ul>\n<li>Jose Vicente Abellan Nebot<\/li>\n<li>Enrique Alcal\u00e1 Fazio<\/li>\n<li>Oscar Altuzarra Maestre<\/li>\n<li>Enrique Amezua San Mart\u00edn<\/li>\n<li>Francisco Aparicio Izquierdo<\/li>\n<li>Mariano Artes Gomez<\/li>\n<li>Moises Batista Ponce<\/li>\n<li>Juan Antonio Cabrera Carrillo<\/li>\n<li>Jose Antonio Calvo Ramos<\/li>\n<li>Hector Campello Vicente<\/li>\n<li>Nuria Campillo Dav\u00f3<\/li>\n<li>Salvador Cardona Foix<\/li>\n<li>Mar\u00eda Teresa Carrascal Morillo<\/li>\n<li>Cristina Castej\u00f3n Sisamon<\/li>\n<li>Juan Jes\u00fas Castillo Aguilar<\/li>\n<li>David Clar Garcia<\/li>\n<li>Francisco J. Cuadrado Aranda<\/li>\n<li>Juan Ignacio Cuadrado Iglesias<\/li>\n<li>Oscar Cuadrado Sempere<\/li>\n<li>Silvia De La Flor Lopez<\/li>\n<li>Francisco David Denia Guzman<\/li>\n<li>Vicente D\u00edaz L\u00f3pez<\/li>\n<li>Javier Echavarri Otero<\/li>\n<li>Alfonso Fernandez Del Rinc\u00f3n<\/li>\n<li>Jose Esteban Fernandez Rico<\/li>\n<li>Francesc Ferrando Piera<\/li>\n<li>Francisco Javier Fuenmayor Fern\u00e1ndez<\/li>\n<li>Alfonso Fuentes Aznar<\/li>\n<li>Juan Carlos Garc\u00eda Prada<\/li>\n<li>Ernesto Garcia Vadillo<\/li>\n<li>Ignacio Gonzalez Perez<\/li>\n<li>Ruben Gonzalez Rodriguez<\/li>\n<li>Antolin Esteban Hernandez Battez<\/li>\n<li>Alfonso Hernandez Fr\u00edas<\/li>\n<li>Salvador Ivorra Chorro<\/li>\n<li>Felipe Jim\u00e9nez Alonso<\/li>\n<li>Llu\u00efsa Jordi Nebot<\/li>\n<li>Aitzol Lamikiz Mentxaka<\/li>\n<li>Rafael Lopez Garcia<\/li>\n<li>Mariano Marcos B\u00e1rcena<\/li>\n<li>Oscar Martel Fuentes<\/li>\n<li>Andres Jesus Martinez Donaire<\/li>\n<li>Juana Maria Mayo N\u00fa\u00f1ez<\/li>\n<li>M\u00aa Henar Miguelez Garrido<\/li>\n<li>Jose Luis Mu\u00f1oz Sanz<\/li>\n<li>Abel R. Navarro Riquelme<\/li>\n<li>Miguel Angel Oliva I Meyer<\/li>\n<li>Francisco Javier P\u00e1ez Ayuso<\/li>\n<li>Jos\u00e9 Ignacio Pedrero Moya<\/li>\n<li>Esteban Pe\u00f1a Pitarch<\/li>\n<li>Ram\u00f3n Peral Orts<\/li>\n<li>Antonio P\u00e9rez Gonz\u00e1lez<\/li>\n<li>Publio Pintado Sanjuan<\/li>\n<li>Mar\u00eda Prado Novoa<\/li>\n<li>Maria Beatriz Ramirez Berasategui<\/li>\n<li>David Rodriguez Salgado<\/li>\n<li>Jordi Romeu Garb\u00ed<\/li>\n<li>Higinio Rubio Alonso<\/li>\n<li>Lourdes Rubio Ruiz De Aguirre<\/li>\n<li>Justo Ruiz Calvo<\/li>\n<li>Ana S\u00e1enz Nu\u00f1o<\/li>\n<li>Jorge Salgero Gomez<\/li>\n<li>Jos\u00e9 Luis San Rom\u00e1n Garc\u00eda<\/li>\n<li>Miguel Sanchez Lozano<\/li>\n<li>Francisco Sanchez Mar\u00edn<\/li>\n<li>Joaquin Luis Sancho Bru<\/li>\n<li>Mariano Saura Sanchez<\/li>\n<li>Carolina Senabre Blanes<\/li>\n<li>Maria Del Carmen Serna Moreno<\/li>\n<li>Antonio Sim\u00f3n Mata<\/li>\n<li>Javier Trujillo Vilches<\/li>\n<li>Emilio Velasco S\u00e1nchez<\/li>\n<li>Fernando Viadero Rueda<\/li>\n<li>Jos\u00e9 Luis Viesca Rodriguez<\/li>\n<li>Manuel Alejandro Ya\u00f1ez Santana<\/li>\n<\/ul>\n<p><\/p>","protected":false},"excerpt":{"rendered":"<p>Honor Committee Mr. Jes\u00fas Tadeo Pastor Ciurana , Rector of the Universidad Miguel Hern\u00e1ndez de Elche. Manuel Miguel Jordan Vidal , Vicerector for Research and Innovation at the Universidad Miguel Hern\u00e1ndez de Elche . Jos\u00e9 Luis San Rom\u00e1n Garc\u00eda, President of the Spanish Association of Mechanical Engineering. Miguel Angel de\u2026<\/p>\n<p> <a class=\"continue-reading-link\" href=\"https:\/\/xxicnim.umh.es\/en\/congreso\/comite\/\"><span>Continue reading<\/span><i class=\"crycon-right-dir\"><\/i><\/a><\/p>\n","protected":false},"author":6372,"featured_media":0,"parent":14,"menu_order":50,"comment_status":"closed","ping_status":"closed","template":"","meta":{"_links_to":"","_links_to_target":""},"yoast_head":"<!-- This site is optimized with the Yoast SEO plugin v17.5 - https:\/\/yoast.com\/wordpress\/plugins\/seo\/ -->\n<title>Committee -<\/title>\n<meta name=\"robots\" content=\"index, follow, max-snippet:-1, max-image-preview:large, max-video-preview:-1\" \/>\n<link rel=\"canonical\" href=\"https:\/\/xxicnim.umh.es\/congreso\/comite\/\" \/>\n<meta property=\"og:locale\" content=\"en_US\" \/>\n<meta property=\"og:type\" content=\"article\" \/>\n<meta property=\"og:title\" content=\"[:es]Comit\u00e9[:en]Committee[:] -\" \/>\n<meta property=\"og:description\" content=\"Honor Committee Mr. Jes\u00fas Tadeo Pastor Ciurana , Rector of the Universidad Miguel Hern\u00e1ndez de Elche. Manuel Miguel Jordan Vidal , Vicerector for Research and Innovation at the Universidad Miguel Hern\u00e1ndez de Elche . Jos\u00e9 Luis San Rom\u00e1n Garc\u00eda, President of the Spanish Association of Mechanical Engineering. Miguel Angel de\u2026 Continue reading\" \/>\n<meta property=\"og:url\" content=\"https:\/\/xxicnim.umh.es\/congreso\/comite\/\" \/>\n<meta property=\"article:modified_time\" content=\"2016-10-05T10:23:02+00:00\" \/>\n<meta name=\"twitter:card\" content=\"summary\" \/>\n<meta name=\"twitter:label1\" content=\"Est. reading time\" \/>\n\t<meta name=\"twitter:data1\" content=\"5 minutes\" \/>\n<script type=\"application\/ld+json\" class=\"yoast-schema-graph\">{\"@context\":\"https:\/\/schema.org\",\"@graph\":[{\"@type\":\"WebSite\",\"@id\":\"https:\/\/xxicnim.umh.es\/#website\",\"url\":\"https:\/\/xxicnim.umh.es\/\",\"name\":\"\",\"description\":\"\",\"potentialAction\":[{\"@type\":\"SearchAction\",\"target\":{\"@type\":\"EntryPoint\",\"urlTemplate\":\"https:\/\/xxicnim.umh.es\/?s={search_term_string}\"},\"query-input\":\"required name=search_term_string\"}],\"inLanguage\":\"en-US\"},{\"@type\":\"WebPage\",\"@id\":\"https:\/\/xxicnim.umh.es\/congreso\/comite\/#webpage\",\"url\":\"https:\/\/xxicnim.umh.es\/congreso\/comite\/\",\"name\":\"[:es]Comit\\u00e9[:en]Committee[:] -\",\"isPartOf\":{\"@id\":\"https:\/\/xxicnim.umh.es\/#website\"},\"datePublished\":\"2015-06-18T08:47:18+00:00\",\"dateModified\":\"2016-10-05T10:23:02+00:00\",\"breadcrumb\":{\"@id\":\"https:\/\/xxicnim.umh.es\/congreso\/comite\/#breadcrumb\"},\"inLanguage\":\"en-US\",\"potentialAction\":[{\"@type\":\"ReadAction\",\"target\":[\"https:\/\/xxicnim.umh.es\/congreso\/comite\/\"]}]},{\"@type\":\"BreadcrumbList\",\"@id\":\"https:\/\/xxicnim.umh.es\/congreso\/comite\/#breadcrumb\",\"itemListElement\":[{\"@type\":\"ListItem\",\"position\":1,\"name\":\"Portada\",\"item\":\"https:\/\/xxicnim.umh.es\/\"},{\"@type\":\"ListItem\",\"position\":2,\"name\":\"Congreso\",\"item\":\"http:\/\/xxicnim.umh.es\/\"},{\"@type\":\"ListItem\",\"position\":3,\"name\":\"Comit\\u00e9\"}]}]}<\/script>\n<!-- \/ Yoast SEO plugin. -->","yoast_head_json":{"title":"[:es]Comit\u00e9[:en]Committee[:] -","robots":{"index":"index","follow":"follow","max-snippet":"max-snippet:-1","max-image-preview":"max-image-preview:large","max-video-preview":"max-video-preview:-1"},"canonical":"https:\/\/xxicnim.umh.es\/congreso\/comite\/","og_locale":"en_US","og_type":"article","og_title":"[:es]Comit\u00e9[:en]Committee[:] -","og_description":"Honor Committee Mr. Jes\u00fas Tadeo Pastor Ciurana , Rector of the Universidad Miguel Hern\u00e1ndez de Elche. Manuel Miguel Jordan Vidal , Vicerector for Research and Innovation at the Universidad Miguel Hern\u00e1ndez de Elche . Jos\u00e9 Luis San Rom\u00e1n Garc\u00eda, President of the Spanish Association of Mechanical Engineering. Miguel Angel de\u2026 Continue reading","og_url":"https:\/\/xxicnim.umh.es\/congreso\/comite\/","article_modified_time":"2016-10-05T10:23:02+00:00","twitter_card":"summary","twitter_misc":{"Est. reading time":"5 minutes"},"schema":{"@context":"https:\/\/schema.org","@graph":[{"@type":"WebSite","@id":"https:\/\/xxicnim.umh.es\/#website","url":"https:\/\/xxicnim.umh.es\/","name":"","description":"","potentialAction":[{"@type":"SearchAction","target":{"@type":"EntryPoint","urlTemplate":"https:\/\/xxicnim.umh.es\/?s={search_term_string}"},"query-input":"required name=search_term_string"}],"inLanguage":"en-US"},{"@type":"WebPage","@id":"https:\/\/xxicnim.umh.es\/congreso\/comite\/#webpage","url":"https:\/\/xxicnim.umh.es\/congreso\/comite\/","name":"[:es]Comit\u00e9[:en]Committee[:] -","isPartOf":{"@id":"https:\/\/xxicnim.umh.es\/#website"},"datePublished":"2015-06-18T08:47:18+00:00","dateModified":"2016-10-05T10:23:02+00:00","breadcrumb":{"@id":"https:\/\/xxicnim.umh.es\/congreso\/comite\/#breadcrumb"},"inLanguage":"en-US","potentialAction":[{"@type":"ReadAction","target":["https:\/\/xxicnim.umh.es\/congreso\/comite\/"]}]},{"@type":"BreadcrumbList","@id":"https:\/\/xxicnim.umh.es\/congreso\/comite\/#breadcrumb","itemListElement":[{"@type":"ListItem","position":1,"name":"Portada","item":"https:\/\/xxicnim.umh.es\/"},{"@type":"ListItem","position":2,"name":"Congreso","item":"http:\/\/xxicnim.umh.es\/"},{"@type":"ListItem","position":3,"name":"Comit\u00e9"}]}]}},"_links":{"self":[{"href":"https:\/\/xxicnim.umh.es\/en\/wp-json\/wp\/v2\/pages\/24"}],"collection":[{"href":"https:\/\/xxicnim.umh.es\/en\/wp-json\/wp\/v2\/pages"}],"about":[{"href":"https:\/\/xxicnim.umh.es\/en\/wp-json\/wp\/v2\/types\/page"}],"author":[{"embeddable":true,"href":"https:\/\/xxicnim.umh.es\/en\/wp-json\/wp\/v2\/users\/6372"}],"replies":[{"embeddable":true,"href":"https:\/\/xxicnim.umh.es\/en\/wp-json\/wp\/v2\/comments?post=24"}],"version-history":[{"count":0,"href":"https:\/\/xxicnim.umh.es\/en\/wp-json\/wp\/v2\/pages\/24\/revisions"}],"up":[{"embeddable":true,"href":"https:\/\/xxicnim.umh.es\/en\/wp-json\/wp\/v2\/pages\/14"}],"wp:attachment":[{"href":"https:\/\/xxicnim.umh.es\/en\/wp-json\/wp\/v2\/media?parent=24"}],"curies":[{"name":"wp","href":"https:\/\/api.w.org\/{rel}","templated":true}]}}